{"id":10,"date":"2019-01-31T21:41:10","date_gmt":"2019-01-31T21:41:10","guid":{"rendered":"https:\/\/lj.reuters-it.com\/wordpress\/?page_id=10"},"modified":"2019-02-06T02:24:30","modified_gmt":"2019-02-06T02:24:30","slug":"partyservice","status":"publish","type":"page","link":"https:\/\/landmetzgerei-jansen.de\/?page_id=10","title":{"rendered":"Partyservice"},"content":{"rendered":"<div id=\"partyservice\">\n<h1>Partyservice<\/h1>\n<p>Neben unserem Ladengesch\u00e4ft erfreut sich auch unser Partyservice gro\u00dfer Beliebtheit, wobei wir Wert auf Individualit\u00e4t legen.<\/p>\n<p>Wir beraten unsere Kunden umfassend und stellen gemeinsam mit Ihnen f\u00fcr jeden Anlass das passende Buffet zusammen. Im Folgenden stellen wir Ihnen das Gesamtprogramm unseres Partyservices vor.<\/p>\n<p>Bei Interesse k\u00f6nnen Sie uns telefonisch, per Fax oder pers\u00f6nlich im Ladengesch\u00e4ft erreichen und einen pers\u00f6nlichen Beratungstermin vereinbaren.<\/p>\n<p>Nachfolgend eine Auswahl aus unserem Partyservice-Angebot:<\/p>\n<h4>Vorspeisen<\/h4>\n<ul>\n<li>R\u00e4ucherlachs mit Meerettichsahne<\/li>\n<li>Forellenfilets mit Preiselbeersahne<\/li>\n<li>Buttermakrele<\/li>\n<li>Krabbencocktail<\/li>\n<li>Salm mit Curry-Ananas-Dip<\/li>\n<li>Gefl\u00fcgelcocktail<\/li>\n<li>Entenbrust mit Orange und Preiselbeere<\/li>\n<\/ul>\n<div class=\"produkte\">\n<p><img loading=\"lazy\" decoding=\"async\" class=\"size-medium wp-image-61\" src=\"https:\/\/landmetzgerei-jansen.de\/wp-content\/uploads\/2019\/01\/LMJ_20131019_2844a-300x134.jpg\" alt=\"\" width=\"300\" height=\"134\" srcset=\"https:\/\/landmetzgerei-jansen.de\/wp-content\/uploads\/2019\/01\/LMJ_20131019_2844a-300x134.jpg 300w, https:\/\/landmetzgerei-jansen.de\/wp-content\/uploads\/2019\/01\/LMJ_20131019_2844a-768x344.jpg 768w, https:\/\/landmetzgerei-jansen.de\/wp-content\/uploads\/2019\/01\/LMJ_20131019_2844a-1024x458.jpg 1024w, https:\/\/landmetzgerei-jansen.de\/wp-content\/uploads\/2019\/01\/LMJ_20131019_2844a.jpg 1399w\" sizes=\"auto, (max-width: 300px) 100vw, 300px\" \/><\/p>\n<p><img loading=\"lazy\" decoding=\"async\" class=\"size-medium wp-image-52 alignnone\" src=\"https:\/\/landmetzgerei-jansen.de\/wp-content\/uploads\/2019\/01\/LMJ_20131019_2818a-300x135.jpg\" alt=\"\" width=\"300\" height=\"135\" srcset=\"https:\/\/landmetzgerei-jansen.de\/wp-content\/uploads\/2019\/01\/LMJ_20131019_2818a-300x135.jpg 300w, https:\/\/landmetzgerei-jansen.de\/wp-content\/uploads\/2019\/01\/LMJ_20131019_2818a-768x347.jpg 768w, https:\/\/landmetzgerei-jansen.de\/wp-content\/uploads\/2019\/01\/LMJ_20131019_2818a-1024x462.jpg 1024w, https:\/\/landmetzgerei-jansen.de\/wp-content\/uploads\/2019\/01\/LMJ_20131019_2818a.jpg 1400w\" sizes=\"auto, (max-width: 300px) 100vw, 300px\" \/><\/p>\n<p><img loading=\"lazy\" decoding=\"async\" class=\"size-medium wp-image-70\" src=\"https:\/\/landmetzgerei-jansen.de\/wp-content\/uploads\/2019\/01\/LMJ_20131026_2904-300x153.jpg\" alt=\"\" width=\"300\" height=\"153\" srcset=\"https:\/\/landmetzgerei-jansen.de\/wp-content\/uploads\/2019\/01\/LMJ_20131026_2904-300x153.jpg 300w, https:\/\/landmetzgerei-jansen.de\/wp-content\/uploads\/2019\/01\/LMJ_20131026_2904-768x393.jpg 768w, https:\/\/landmetzgerei-jansen.de\/wp-content\/uploads\/2019\/01\/LMJ_20131026_2904-1024x523.jpg 1024w, https:\/\/landmetzgerei-jansen.de\/wp-content\/uploads\/2019\/01\/LMJ_20131026_2904.jpg 1399w\" sizes=\"auto, (max-width: 300px) 100vw, 300px\" \/><\/p>\n<p><img loading=\"lazy\" decoding=\"async\" class=\"size-medium wp-image-71\" src=\"https:\/\/landmetzgerei-jansen.de\/wp-content\/uploads\/2019\/01\/LMJ_20131026_2907-300x151.jpg\" alt=\"\" width=\"300\" height=\"151\" srcset=\"https:\/\/landmetzgerei-jansen.de\/wp-content\/uploads\/2019\/01\/LMJ_20131026_2907-300x151.jpg 300w, https:\/\/landmetzgerei-jansen.de\/wp-content\/uploads\/2019\/01\/LMJ_20131026_2907-768x387.jpg 768w, https:\/\/landmetzgerei-jansen.de\/wp-content\/uploads\/2019\/01\/LMJ_20131026_2907-1024x516.jpg 1024w, https:\/\/landmetzgerei-jansen.de\/wp-content\/uploads\/2019\/01\/LMJ_20131026_2907-840x420.jpg 840w, https:\/\/landmetzgerei-jansen.de\/wp-content\/uploads\/2019\/01\/LMJ_20131026_2907.jpg 1400w\" sizes=\"auto, (max-width: 300px) 100vw, 300px\" \/><\/p>\n<\/div>\n<h4><b>Kalte Spezialit\u00e4ten<\/b><\/h4>\n<ul>\n<li>Bratenplatte<\/li>\n<li>Partyfrikadellen<\/li>\n<li>Partyschnitzel<\/li>\n<li>Knusperschnitzel<\/li>\n<li>H\u00e4hnchenunterkeulen<\/li>\n<li>Schinken-Spargelr\u00f6llchen<\/li>\n<li>Schweiner\u00f6llchen mit Ananasf\u00fcllung<\/li>\n<li>K\u00e4seplatte<\/li>\n<\/ul>\n<div class=\"produkte\">\n<p><img loading=\"lazy\" decoding=\"async\" class=\"size-medium wp-image-45 alignnone\" src=\"https:\/\/landmetzgerei-jansen.de\/wp-content\/uploads\/2019\/01\/LMJ_20131019_2788a-300x141.jpg\" alt=\"\" width=\"300\" height=\"141\" srcset=\"https:\/\/landmetzgerei-jansen.de\/wp-content\/uploads\/2019\/01\/LMJ_20131019_2788a-300x141.jpg 300w, https:\/\/landmetzgerei-jansen.de\/wp-content\/uploads\/2019\/01\/LMJ_20131019_2788a-768x360.jpg 768w, https:\/\/landmetzgerei-jansen.de\/wp-content\/uploads\/2019\/01\/LMJ_20131019_2788a-1024x480.jpg 1024w, https:\/\/landmetzgerei-jansen.de\/wp-content\/uploads\/2019\/01\/LMJ_20131019_2788a.jpg 1398w\" sizes=\"auto, (max-width: 300px) 100vw, 300px\" \/><\/p>\n<p><img loading=\"lazy\" decoding=\"async\" class=\"size-medium wp-image-47 alignnone\" src=\"https:\/\/landmetzgerei-jansen.de\/wp-content\/uploads\/2019\/01\/LMJ_20131019_2795a-300x151.jpg\" alt=\"\" width=\"300\" height=\"151\" srcset=\"https:\/\/landmetzgerei-jansen.de\/wp-content\/uploads\/2019\/01\/LMJ_20131019_2795a-300x151.jpg 300w, https:\/\/landmetzgerei-jansen.de\/wp-content\/uploads\/2019\/01\/LMJ_20131019_2795a-768x388.jpg 768w, https:\/\/landmetzgerei-jansen.de\/wp-content\/uploads\/2019\/01\/LMJ_20131019_2795a-1024x517.jpg 1024w, https:\/\/landmetzgerei-jansen.de\/wp-content\/uploads\/2019\/01\/LMJ_20131019_2795a-840x420.jpg 840w, https:\/\/landmetzgerei-jansen.de\/wp-content\/uploads\/2019\/01\/LMJ_20131019_2795a.jpg 1399w\" sizes=\"auto, (max-width: 300px) 100vw, 300px\" \/><\/p>\n<p><img loading=\"lazy\" decoding=\"async\" class=\"size-medium wp-image-68 alignnone\" src=\"https:\/\/landmetzgerei-jansen.de\/wp-content\/uploads\/2019\/01\/LMJ_20131026_2898-300x186.jpg\" alt=\"\" width=\"300\" height=\"186\" srcset=\"https:\/\/landmetzgerei-jansen.de\/wp-content\/uploads\/2019\/01\/LMJ_20131026_2898-300x186.jpg 300w, https:\/\/landmetzgerei-jansen.de\/wp-content\/uploads\/2019\/01\/LMJ_20131026_2898-768x476.jpg 768w, https:\/\/landmetzgerei-jansen.de\/wp-content\/uploads\/2019\/01\/LMJ_20131026_2898-1024x635.jpg 1024w, https:\/\/landmetzgerei-jansen.de\/wp-content\/uploads\/2019\/01\/LMJ_20131026_2898.jpg 1400w\" sizes=\"auto, (max-width: 300px) 100vw, 300px\" \/><\/p>\n<p><img loading=\"lazy\" decoding=\"async\" class=\"size-medium wp-image-65 alignnone\" src=\"https:\/\/landmetzgerei-jansen.de\/wp-content\/uploads\/2019\/01\/LMJ_20131026_2889-300x167.jpg\" alt=\"\" width=\"300\" height=\"167\" srcset=\"https:\/\/landmetzgerei-jansen.de\/wp-content\/uploads\/2019\/01\/LMJ_20131026_2889-300x167.jpg 300w, https:\/\/landmetzgerei-jansen.de\/wp-content\/uploads\/2019\/01\/LMJ_20131026_2889-768x427.jpg 768w, https:\/\/landmetzgerei-jansen.de\/wp-content\/uploads\/2019\/01\/LMJ_20131026_2889-1024x570.jpg 1024w, https:\/\/landmetzgerei-jansen.de\/wp-content\/uploads\/2019\/01\/LMJ_20131026_2889.jpg 1398w\" sizes=\"auto, (max-width: 300px) 100vw, 300px\" \/><\/p>\n<p><img loading=\"lazy\" decoding=\"async\" class=\"size-medium wp-image-69 alignnone\" src=\"https:\/\/landmetzgerei-jansen.de\/wp-content\/uploads\/2019\/01\/LMJ_20131026_2901-300x178.jpg\" alt=\"\" width=\"300\" height=\"178\" srcset=\"https:\/\/landmetzgerei-jansen.de\/wp-content\/uploads\/2019\/01\/LMJ_20131026_2901-300x178.jpg 300w, https:\/\/landmetzgerei-jansen.de\/wp-content\/uploads\/2019\/01\/LMJ_20131026_2901-768x457.jpg 768w, https:\/\/landmetzgerei-jansen.de\/wp-content\/uploads\/2019\/01\/LMJ_20131026_2901-1024x609.jpg 1024w, https:\/\/landmetzgerei-jansen.de\/wp-content\/uploads\/2019\/01\/LMJ_20131026_2901.jpg 1399w\" sizes=\"auto, (max-width: 300px) 100vw, 300px\" \/><\/p>\n<p><img loading=\"lazy\" decoding=\"async\" class=\"size-medium wp-image-66 alignnone\" src=\"https:\/\/landmetzgerei-jansen.de\/wp-content\/uploads\/2019\/01\/LMJ_20131026_2892-300x214.jpg\" alt=\"\" width=\"300\" height=\"214\" srcset=\"https:\/\/landmetzgerei-jansen.de\/wp-content\/uploads\/2019\/01\/LMJ_20131026_2892-300x214.jpg 300w, https:\/\/landmetzgerei-jansen.de\/wp-content\/uploads\/2019\/01\/LMJ_20131026_2892-768x547.jpg 768w, https:\/\/landmetzgerei-jansen.de\/wp-content\/uploads\/2019\/01\/LMJ_20131026_2892-1024x729.jpg 1024w, https:\/\/landmetzgerei-jansen.de\/wp-content\/uploads\/2019\/01\/LMJ_20131026_2892.jpg 1400w\" sizes=\"auto, (max-width: 300px) 100vw, 300px\" \/><\/p>\n<\/div>\n<h4>Feinkostsalate<\/h4>\n<ul>\n<li>Kartoffelsalat<\/li>\n<li>Nudelsalat<\/li>\n<li>Schichtsalat<\/li>\n<li>Gefl\u00fcgelsalat<\/li>\n<li>Rindfleischsalat<\/li>\n<li>Broccolisalat<\/li>\n<li>Eier-Spargel-Salat<\/li>\n<li>Reissalat<\/li>\n<\/ul>\n<div class=\"produkte\">\n<p><img loading=\"lazy\" decoding=\"async\" class=\"alignnone size-medium wp-image-64\" src=\"https:\/\/landmetzgerei-jansen.de\/wp-content\/uploads\/2019\/01\/LMJ_20131026_2886-300x203.jpg\" alt=\"\" width=\"300\" height=\"203\" srcset=\"https:\/\/landmetzgerei-jansen.de\/wp-content\/uploads\/2019\/01\/LMJ_20131026_2886-300x203.jpg 300w, https:\/\/landmetzgerei-jansen.de\/wp-content\/uploads\/2019\/01\/LMJ_20131026_2886-768x520.jpg 768w, https:\/\/landmetzgerei-jansen.de\/wp-content\/uploads\/2019\/01\/LMJ_20131026_2886-1024x694.jpg 1024w, https:\/\/landmetzgerei-jansen.de\/wp-content\/uploads\/2019\/01\/LMJ_20131026_2886-120x80.jpg 120w, https:\/\/landmetzgerei-jansen.de\/wp-content\/uploads\/2019\/01\/LMJ_20131026_2886.jpg 1399w\" sizes=\"auto, (max-width: 300px) 100vw, 300px\" \/><\/p>\n<p><img loading=\"lazy\" decoding=\"async\" class=\"alignnone size-medium wp-image-67\" src=\"https:\/\/landmetzgerei-jansen.de\/wp-content\/uploads\/2019\/01\/LMJ_20131026_2895-300x215.jpg\" alt=\"\" width=\"300\" height=\"215\" srcset=\"https:\/\/landmetzgerei-jansen.de\/wp-content\/uploads\/2019\/01\/LMJ_20131026_2895-300x215.jpg 300w, https:\/\/landmetzgerei-jansen.de\/wp-content\/uploads\/2019\/01\/LMJ_20131026_2895-768x551.jpg 768w, https:\/\/landmetzgerei-jansen.de\/wp-content\/uploads\/2019\/01\/LMJ_20131026_2895-1024x734.jpg 1024w, https:\/\/landmetzgerei-jansen.de\/wp-content\/uploads\/2019\/01\/LMJ_20131026_2895.jpg 1400w\" sizes=\"auto, (max-width: 300px) 100vw, 300px\" \/><\/p>\n<\/div>\n<h4>Spezialit\u00e4ten von Schwein<\/h4>\n<ul>\n<li>Schweinebraten<\/li>\n<li>Krustenbraten<\/li>\n<li>gef\u00fcllter Braten<\/li>\n<li>Schweinegulasch<\/li>\n<li>Schweinegeschnetzeltes<\/li>\n<li>Schweinefilet &#8222;J\u00e4ger-Art&#8220;<\/li>\n<li>Schweinefllet &#8222;Ialia&#8220; (Cr\u00e8me fra\u00eeche)<\/li>\n<li>Schweinefilet mit Broccoli und Hollandaise \u00fcberbacken<\/li>\n<li>Schweinefilet mit Champignonrahmso\u00dfe<\/li>\n<li>Spie\u00dfbraten<\/li>\n<li>Kasselerbraten<\/li>\n<li>gep\u00f6kelter Braten mit Kr\u00e4uterkruste<\/li>\n<\/ul>\n<h4>Spezialit\u00e4ten vom Rind<\/h4>\n<ul>\n<li>Rinderbraten<\/li>\n<li>Sauerbraten<\/li>\n<li>Burgunderbraten<\/li>\n<li>Rindergulasch<\/li>\n<li>Rindergeschnetzeltes<\/li>\n<li>Rindeh\u00fcftbraten mit Pfeffer- oder Pfifferlingso\u00dfe<\/li>\n<li>Mini-Rouladen<\/li>\n<li>Tafelspitz mit Meerrettich oder Remouladenso\u00dfe<\/li>\n<\/ul>\n<h4>Spezialit\u00e4ten vom Gefl\u00fcgel<\/h4>\n<ul>\n<li>Puten- oder H\u00e4hnchengeschnetzeltes mit:\n<ul>\n<li>Champignonrahmso\u00dfe<\/li>\n<li>Currysahne und Obst<\/li>\n<li>Zwiebelsahneso\u00dfe<\/li>\n<li>Paprikarahmso\u00dfe<\/li>\n<\/ul>\n<\/li>\n<li>Mediterrane Art mit Champignons und Paprika<\/li>\n<li>H\u00e4hnchenmedaillons &#8222;Italia&#8220; (Cr\u00e8me fra\u00eeche)<\/li>\n<li>H\u00e4hnchenmedaillons mit verschiedenen So\u00dfen<\/li>\n<\/ul>\n<div class=\"produkte\">\n<p><img loading=\"lazy\" decoding=\"async\" class=\"alignnone size-medium wp-image-48\" src=\"https:\/\/landmetzgerei-jansen.de\/wp-content\/uploads\/2019\/01\/LMJ_20131019_2798a-300x137.jpg\" alt=\"\" width=\"300\" height=\"137\" srcset=\"https:\/\/landmetzgerei-jansen.de\/wp-content\/uploads\/2019\/01\/LMJ_20131019_2798a-300x137.jpg 300w, https:\/\/landmetzgerei-jansen.de\/wp-content\/uploads\/2019\/01\/LMJ_20131019_2798a-768x351.jpg 768w, https:\/\/landmetzgerei-jansen.de\/wp-content\/uploads\/2019\/01\/LMJ_20131019_2798a-1024x468.jpg 1024w, https:\/\/landmetzgerei-jansen.de\/wp-content\/uploads\/2019\/01\/LMJ_20131019_2798a.jpg 1399w\" sizes=\"auto, (max-width: 300px) 100vw, 300px\" \/><\/p>\n<\/div>\n<h4>Spezialit\u00e4ten vom Kalb<\/h4>\n<ul>\n<li>Kalbsgeschnetzeltes &#8222;Z\u00fcricher Art&#8220;<\/li>\n<li>Kalbsr\u00fcckenbraten an Madeiraso\u00dfe<\/li>\n<li>Kalbsragout<\/li>\n<\/ul>\n<h4>Fischspezialit\u00e4ten<\/h4>\n<ul>\n<li>Lachs-Spinat-Auflauf<\/li>\n<\/ul>\n<h4>Beilagen<\/h4>\n<ul>\n<li>Kartoffelgratin<\/li>\n<li>Bratkartoffeln<\/li>\n<li>Salzkartoffeln<\/li>\n<li>Schwenkkartoffeln<\/li>\n<li>Semmelkl\u00f6\u00dfe<\/li>\n<li>Kartoffelkl\u00f6\u00dfe<\/li>\n<li>Sp\u00e4tzle<\/li>\n<li>Bandnudeln<\/li>\n<li>Reis<\/li>\n<li>Kartoffelr\u00f6stis<\/li>\n<\/ul>\n<h4>Gem\u00fcse<\/h4>\n<ul>\n<li>Kaisergem\u00fcse<\/li>\n<li>Speckbohnen<\/li>\n<li>Blumenkohl<\/li>\n<li>Broccoli<\/li>\n<li>gebratene Champignons<\/li>\n<li>Rosenkohl<\/li>\n<li>Erbsen und M\u00f6hren<\/li>\n<li>Rotkohl<\/li>\n<li>Romanesco<\/li>\n<\/ul>\n<h4>Frischsalatbuffet<\/h4>\n<ul>\n<li>Frischsalatbuffet mit verschiedenen Dressings<\/li>\n<\/ul>\n<div class=\"produkte\">\n<p><img loading=\"lazy\" decoding=\"async\" class=\"alignnone size-medium wp-image-49\" src=\"https:\/\/landmetzgerei-jansen.de\/wp-content\/uploads\/2019\/01\/LMJ_20131019_2800a-300x133.jpg\" alt=\"\" width=\"300\" height=\"133\" srcset=\"https:\/\/landmetzgerei-jansen.de\/wp-content\/uploads\/2019\/01\/LMJ_20131019_2800a-300x133.jpg 300w, https:\/\/landmetzgerei-jansen.de\/wp-content\/uploads\/2019\/01\/LMJ_20131019_2800a-768x341.jpg 768w, https:\/\/landmetzgerei-jansen.de\/wp-content\/uploads\/2019\/01\/LMJ_20131019_2800a-1024x455.jpg 1024w, https:\/\/landmetzgerei-jansen.de\/wp-content\/uploads\/2019\/01\/LMJ_20131019_2800a.jpg 1399w\" sizes=\"auto, (max-width: 300px) 100vw, 300px\" \/><\/p>\n<p><img loading=\"lazy\" decoding=\"async\" class=\"alignnone size-medium wp-image-46\" src=\"https:\/\/landmetzgerei-jansen.de\/wp-content\/uploads\/2019\/01\/LMJ_20131019_2792a-300x128.jpg\" alt=\"\" width=\"300\" height=\"128\" srcset=\"https:\/\/landmetzgerei-jansen.de\/wp-content\/uploads\/2019\/01\/LMJ_20131019_2792a-300x128.jpg 300w, https:\/\/landmetzgerei-jansen.de\/wp-content\/uploads\/2019\/01\/LMJ_20131019_2792a-768x327.jpg 768w, https:\/\/landmetzgerei-jansen.de\/wp-content\/uploads\/2019\/01\/LMJ_20131019_2792a-1024x436.jpg 1024w, https:\/\/landmetzgerei-jansen.de\/wp-content\/uploads\/2019\/01\/LMJ_20131019_2792a.jpg 1400w\" sizes=\"auto, (max-width: 300px) 100vw, 300px\" \/><\/p>\n<\/div>\n<h4>Dessert<\/h4>\n<ul>\n<li>Vanillecreme<\/li>\n<li>Schokocreme<\/li>\n<li>Vanillemousse<\/li>\n<li>Schokomousse<\/li>\n<li>Pfirsichcreme<\/li>\n<li>Ananascreme<\/li>\n<li>Herrencreme<\/li>\n<li>Beerennachtisch<\/li>\n<li>Mascarpone mit Erdbeeren<\/li>\n<li>Tiramis\u00f9<\/li>\n<li>Weincreme<\/li>\n<\/ul>\n<div class=\"produkte\">\n<p><img loading=\"lazy\" decoding=\"async\" class=\"alignnone size-medium wp-image-63\" src=\"https:\/\/landmetzgerei-jansen.de\/wp-content\/uploads\/2019\/01\/LMJ_20131019_2849-300x196.jpg\" alt=\"\" width=\"300\" height=\"196\" srcset=\"https:\/\/landmetzgerei-jansen.de\/wp-content\/uploads\/2019\/01\/LMJ_20131019_2849-300x196.jpg 300w, https:\/\/landmetzgerei-jansen.de\/wp-content\/uploads\/2019\/01\/LMJ_20131019_2849-768x502.jpg 768w, https:\/\/landmetzgerei-jansen.de\/wp-content\/uploads\/2019\/01\/LMJ_20131019_2849-1024x670.jpg 1024w, https:\/\/landmetzgerei-jansen.de\/wp-content\/uploads\/2019\/01\/LMJ_20131019_2849.jpg 1399w\" sizes=\"auto, (max-width: 300px) 100vw, 300px\" \/><\/p>\n<p><img loading=\"lazy\" decoding=\"async\" class=\"size-medium wp-image-54 alignnone\" src=\"https:\/\/landmetzgerei-jansen.de\/wp-content\/uploads\/2019\/01\/LMJ_20131019_2823a-300x155.jpg\" alt=\"\" width=\"300\" height=\"155\" srcset=\"https:\/\/landmetzgerei-jansen.de\/wp-content\/uploads\/2019\/01\/LMJ_20131019_2823a-300x155.jpg 300w, https:\/\/landmetzgerei-jansen.de\/wp-content\/uploads\/2019\/01\/LMJ_20131019_2823a-768x396.jpg 768w, https:\/\/landmetzgerei-jansen.de\/wp-content\/uploads\/2019\/01\/LMJ_20131019_2823a-1024x528.jpg 1024w, https:\/\/landmetzgerei-jansen.de\/wp-content\/uploads\/2019\/01\/LMJ_20131019_2823a.jpg 1399w\" sizes=\"auto, (max-width: 300px) 100vw, 300px\" \/><\/p>\n<\/div>\n<h4>Suppen<\/h4>\n<ul>\n<li>Rindfleischsuppe mit Einlage<\/li>\n<li>Gulaschsuppe<\/li>\n<li>Ofensuppe<\/li>\n<li>Gyrossuppe<\/li>\n<li>K\u00e4secremesuppe<\/li>\n<li>Erbsensuppe<\/li>\n<li>Waldschratsuppe<\/li>\n<li>Chili con Carne<\/li>\n<li>Pfundstopf<\/li>\n<li>Tomatensuppe<\/li>\n<li>Broccolicremesuppe<\/li>\n<li>Blumenkohlcremesuppe<\/li>\n<\/ul>\n<h4>Bayrische Spezialit\u00e4ten<\/h4>\n<ul>\n<li>Schweinshaxen<\/li>\n<li>Fleischk\u00e4se<\/li>\n<li>M\u00fcnchener Wei\u00dfwurst<\/li>\n<li>Kasseler- oder Krustenbraten<\/li>\n<li>Sauerkraut<\/li>\n<li>Krautsalat<\/li>\n<li>Bayrischer Kartoffelsalat<\/li>\n<li>Kartoffelp\u00fcree<\/li>\n<li>Bratkartoffeln<\/li>\n<\/ul>\n<div class=\"produkte\">\n<p><img loading=\"lazy\" decoding=\"async\" class=\"size-medium wp-image-57 alignnone\" src=\"https:\/\/landmetzgerei-jansen.de\/wp-content\/uploads\/2019\/01\/LMJ_20131019_2835a-300x218.jpg\" alt=\"\" width=\"300\" height=\"218\" srcset=\"https:\/\/landmetzgerei-jansen.de\/wp-content\/uploads\/2019\/01\/LMJ_20131019_2835a-300x218.jpg 300w, https:\/\/landmetzgerei-jansen.de\/wp-content\/uploads\/2019\/01\/LMJ_20131019_2835a-768x559.jpg 768w, https:\/\/landmetzgerei-jansen.de\/wp-content\/uploads\/2019\/01\/LMJ_20131019_2835a-1024x745.jpg 1024w, https:\/\/landmetzgerei-jansen.de\/wp-content\/uploads\/2019\/01\/LMJ_20131019_2835a.jpg 1399w\" sizes=\"auto, (max-width: 300px) 100vw, 300px\" \/><\/p>\n<\/div>\n<h6><\/h6>\n<p>Zur Abrundung Ihres Buffets bieten wir gemischte Brot\/Br\u00f6tchenk\u00f6rbe, Partybr\u00f6tchen, Baguette, gemischte Butterteller oder Butterrosen.<\/p>\n<\/div>\n","protected":false},"excerpt":{"rendered":"<p>Partyservice Neben unserem Ladengesch\u00e4ft erfreut sich auch unser Partyservice gro\u00dfer Beliebtheit, wobei wir Wert auf Individualit\u00e4t legen. Wir beraten unsere[&#8230;]<\/p>\n","protected":false},"author":1,"featured_media":0,"parent":0,"menu_order":0,"comment_status":"closed","ping_status":"closed","template":"","meta":{"footnotes":""},"class_list":["post-10","page","type-page","status-publish","hentry"],"_links":{"self":[{"href":"https:\/\/landmetzgerei-jansen.de\/index.php?rest_route=\/wp\/v2\/pages\/10","targetHints":{"allow":["GET"]}}],"collection":[{"href":"https:\/\/landmetzgerei-jansen.de\/index.php?rest_route=\/wp\/v2\/pages"}],"about":[{"href":"https:\/\/landmetzgerei-jansen.de\/index.php?rest_route=\/wp\/v2\/types\/page"}],"author":[{"embeddable":true,"href":"https:\/\/landmetzgerei-jansen.de\/index.php?rest_route=\/wp\/v2\/users\/1"}],"replies":[{"embeddable":true,"href":"https:\/\/landmetzgerei-jansen.de\/index.php?rest_route=%2Fwp%2Fv2%2Fcomments&post=10"}],"version-history":[{"count":21,"href":"https:\/\/landmetzgerei-jansen.de\/index.php?rest_route=\/wp\/v2\/pages\/10\/revisions"}],"predecessor-version":[{"id":41,"href":"https:\/\/landmetzgerei-jansen.de\/index.php?rest_route=\/wp\/v2\/pages\/10\/revisions\/41"}],"wp:attachment":[{"href":"https:\/\/landmetzgerei-jansen.de\/index.php?rest_route=%2Fwp%2Fv2%2Fmedia&parent=10"}],"curies":[{"name":"wp","href":"https:\/\/api.w.org\/{rel}","templated":true}]}}